{"id":19,"date":"2016-10-22T12:09:57","date_gmt":"2016-10-22T10:09:57","guid":{"rendered":"http:\/\/dcievent.com\/?page_id=19"},"modified":"2024-09-05T14:25:42","modified_gmt":"2024-09-05T12:25:42","slug":"activites","status":"publish","type":"page","link":"https:\/\/dcievent.com\/index.php\/activites\/","title":{"rendered":"Services"},"content":{"rendered":"<div id=\"pl-19\"  class=\"panel-layout\" ><div id=\"pg-19-0\"  class=\"panel-grid panel-no-style\" ><div id=\"pgc-19-0-0\"  class=\"panel-grid-cell\" ><div id=\"panel-19-0-0-0\" class=\"so-panel widget widget_sow-editor panel-first-child panel-last-child\" data-index=\"0\" ><div\n\t\t\t\n\t\t\tclass=\"so-widget-sow-editor so-widget-sow-editor-base\"\n\t\t\t\n\t\t>\n<div class=\"siteorigin-widget-tinymce textwidget\">\n\t<p><span style=\"color: #000000;\"><br \/>\nDepuis sa cr\u00e9ation en 2008, <strong>DCI event<\/strong> est expert dans les activit\u00e9s li\u00e9es \u00e0 la technique du spectacle.<\/span><\/p>\n<p><span style=\"color: #000000;\">Nous proposons aujourd'hui des solutions compl\u00e8tes dans les secteurs de la <strong>prestation technique \u00e9v\u00e9nementielle et audiovisuelle<\/strong>.<\/span><\/p>\n<p><span style=\"color: #000000;\">Nous assurons aussi la <strong>location et la vente de mat\u00e9riel audiovisuel<\/strong>, aupr\u00e8s de professionnels ou particuliers.<\/span><\/p>\n<hr \/>\n<p>&nbsp;<\/p>\n<\/div>\n<\/div><\/div><\/div><\/div><div id=\"pg-19-1\"  class=\"panel-grid panel-no-style\" ><div id=\"pgc-19-1-0\"  class=\"panel-grid-cell\" ><div id=\"panel-19-1-0-0\" class=\"so-panel widget widget_sow-image panel-first-child panel-last-child\" data-index=\"1\" ><div\n\t\t\t\n\t\t\tclass=\"so-widget-sow-image so-widget-sow-image-default-8c77137dfb15-19\"\n\t\t\t\n\t\t><h3 class=\"widget-title\">PRESTATION TECHNIQUE<\/h3>\n<div class=\"sow-image-container\">\n\t\t\t<a href=\"https:\/\/dcievent.com\/index.php\/prestation\/\"\n\t\t\t\t\t>\n\t\t\t<img decoding=async data-opt-id=321724427  fetchpriority=\"high\" \n\tsrc=\"https:\/\/mlpbnbifhtdl.i.optimole.com\/cb:Cy3u.b2dd\/w:480\/h:300\/q:mauto\/rt:fill\/g:sm\/f:best\/https:\/\/dcievent.com\/wp-content\/uploads\/2021\/09\/20210911_233006-480x300.jpg\" width=\"480\" height=\"300\" srcset=\"https:\/\/mlpbnbifhtdl.i.optimole.com\/cb:Cy3u.b2dd\/w:480\/h:300\/q:mauto\/rt:fill\/g:sm\/f:best\/https:\/\/dcievent.com\/wp-content\/uploads\/2021\/09\/la%20Topadora%20concert%20fetes%20de%20Sare.jpg 480w, https:\/\/mlpbnbifhtdl.i.optimole.com\/cb:Cy3u.b2dd\/w:640\/h:400\/q:mauto\/rt:fill\/g:sm\/f:best\/https:\/\/dcievent.com\/wp-content\/uploads\/2021\/09\/la%20Topadora%20concert%20fetes%20de%20Sare.jpg 640w\" sizes=\"(max-width: 480px) 100vw, 480px\" title=\"PRESTATION TECHNIQUE\" alt=\"prestation sonorisation eclairage vid\u00e9o concert festival spectacle musiciens DJ pays basque sud landes aquitaine DCI EVENT\" \t\tclass=\"so-widget-image\"\/>\n\t\t\t<\/a><\/div>\n\n<\/div><\/div><\/div><div id=\"pgc-19-1-1\"  class=\"panel-grid-cell\" ><div id=\"panel-19-1-1-0\" class=\"so-panel widget widget_sow-editor panel-first-child panel-last-child\" data-index=\"2\" ><div\n\t\t\t\n\t\t\tclass=\"so-widget-sow-editor so-widget-sow-editor-base\"\n\t\t\t\n\t\t>\n<div class=\"siteorigin-widget-tinymce textwidget\">\n\t<ul>\n<li>Etude, montage &amp;<br \/>\nexploitation<\/li>\n<li>Sonorisation, \u00e9clairage,<br \/>\nvid\u00e9o, structure sc\u00e9nique<\/li>\n<li>R\u00e9gie technique<\/li>\n<\/ul>\n<p><a href=\"https:\/\/dcievent.com\/index.php\/prestation\/\">Cliquez<\/a> sur l'image pour en<br \/>\nsavoir plus !<\/p>\n<p>&nbsp;<\/p>\n<\/div>\n<\/div><\/div><\/div><div id=\"pgc-19-1-2\"  class=\"panel-grid-cell\" ><div id=\"panel-19-1-2-0\" class=\"so-panel widget widget_sow-image panel-first-child panel-last-child\" data-index=\"3\" ><div\n\t\t\t\n\t\t\tclass=\"so-widget-sow-image so-widget-sow-image-default-8c77137dfb15-19\"\n\t\t\t\n\t\t><h3 class=\"widget-title\">VENTE &amp; INTEGRATION<\/h3>\n<div class=\"sow-image-container\">\n\t\t\t<a href=\"https:\/\/dcievent.com\/index.php\/integration\/\"\n\t\t\t\t\t>\n\t\t\t<img decoding=async data-opt-id=933660490  data-opt-src=\"https:\/\/mlpbnbifhtdl.i.optimole.com\/cb:Cy3u.b2dd\/w:480\/h:300\/q:mauto\/rt:fill\/g:sm\/f:best\/https:\/\/dcievent.com\/wp-content\/uploads\/2021\/10\/seminaire-d-entreprise-espace-de-l-ocean-banque-dci-event-prestation-evenementielle.jpg\"  \n\tsrc=\"https:\/\/mlpbnbifhtdl.i.optimole.com\/cb:Cy3u.b2dd\/w:480\/h:300\/q:mauto\/rt:fill\/g:sm\/f:best\/https:\/\/dcievent.com\/wp-content\/uploads\/2021\/10\/seminaire-d-entreprise-espace-de-l-ocean-banque-dci-event-prestation-evenementielle.jpg\" width=\"480\" height=\"300\" old-srcset=\"https:\/\/mlpbnbifhtdl.i.optimole.com\/cb:Cy3u.b2dd\/w:480\/h:300\/q:mauto\/rt:fill\/g:sm\/f:best\/https:\/\/dcievent.com\/wp-content\/uploads\/2021\/10\/seminaire-d-entreprise-espace-de-l-ocean-banque-dci-event-prestation-evenementielle.jpg 480w, https:\/\/mlpbnbifhtdl.i.optimole.com\/cb:Cy3u.b2dd\/w:640\/h:400\/q:mauto\/rt:fill\/g:sm\/f:best\/https:\/\/dcievent.com\/wp-content\/uploads\/2021\/10\/seminaire-d-entreprise-espace-de-l-ocean-banque-dci-event-prestation-evenementielle.jpg 640w\" title=\"VENTE &amp; INTEGRATION\" alt=\"evenementiel sonorisation video mise en lumi\u00e8re \u00e9clairage videoprojecteur pupitre DCI EVENT\" \t\tclass=\"so-widget-image\"\/>\n\t\t\t<\/a><\/div>\n\n<\/div><\/div><\/div><div id=\"pgc-19-1-3\"  class=\"panel-grid-cell\" ><div id=\"panel-19-1-3-0\" class=\"so-panel widget widget_sow-editor panel-first-child panel-last-child\" data-index=\"4\" ><div\n\t\t\t\n\t\t\tclass=\"so-widget-sow-editor so-widget-sow-editor-base\"\n\t\t\t\n\t\t>\n<div class=\"siteorigin-widget-tinymce textwidget\">\n\t<ul>\n<li>Pour les professionnels &amp;<br \/>\nles particuliers<\/li>\n<li>Accompagnement et SAV<\/li>\n<li>Equipe certifi\u00e9e par les<br \/>\nmarques distribu\u00e9es<\/li>\n<\/ul>\n<p><a href=\"https:\/\/dcievent.com\/index.php\/integration\/\">Cliquez<\/a> sur l'image pour en<br \/>\nsavoir plus !<\/p>\n<p>&nbsp;<\/p>\n<\/div>\n<\/div><\/div><\/div><\/div><div id=\"pg-19-2\"  class=\"panel-grid panel-no-style\" ><div id=\"pgc-19-2-0\"  class=\"panel-grid-cell\" ><div id=\"Prestation\" class=\"panel-cell-style panel-cell-style-for-19-2-0\" ><div id=\"panel-19-2-0-0\" class=\"so-panel widget widget_sow-image panel-first-child panel-last-child\" data-index=\"5\" ><div\n\t\t\t\n\t\t\tclass=\"so-widget-sow-image so-widget-sow-image-default-8c77137dfb15-19\"\n\t\t\t\n\t\t><h3 class=\"widget-title\">LOCATION DE MATERIEL<\/h3>\n<div class=\"sow-image-container\">\n\t\t\t<a href=\"https:\/\/dcievent.com\/index.php\/location\/\"\n\t\t\t\t\t>\n\t\t\t<img decoding=async data-opt-id=353683009  data-opt-src=\"https:\/\/mlpbnbifhtdl.i.optimole.com\/cb:Cy3u.b2dd\/w:480\/h:300\/q:mauto\/rt:fill\/g:sm\/f:best\/https:\/\/dcievent.com\/wp-content\/uploads\/2021\/10\/location-materiel-de-soiree-sonorisation-enceinte-lumiere-ambiance-ecran-video-dci-event-pays-basque-landes-aquitaine.jpg\"  \n\tsrc=\"https:\/\/mlpbnbifhtdl.i.optimole.com\/cb:Cy3u.b2dd\/w:480\/h:300\/q:mauto\/rt:fill\/g:sm\/f:best\/https:\/\/dcievent.com\/wp-content\/uploads\/2021\/10\/location-materiel-de-soiree-sonorisation-enceinte-lumiere-ambiance-ecran-video-dci-event-pays-basque-landes-aquitaine.jpg\" width=\"480\" height=\"300\" old-srcset=\"https:\/\/mlpbnbifhtdl.i.optimole.com\/cb:Cy3u.b2dd\/w:480\/h:300\/q:mauto\/rt:fill\/g:sm\/f:best\/https:\/\/dcievent.com\/wp-content\/uploads\/2021\/10\/location-materiel-de-soiree-sonorisation-enceinte-lumiere-ambiance-ecran-video-dci-event-pays-basque-landes-aquitaine.jpg 480w, https:\/\/mlpbnbifhtdl.i.optimole.com\/cb:Cy3u.b2dd\/w:640\/h:400\/q:mauto\/rt:fill\/g:sm\/f:best\/https:\/\/dcievent.com\/wp-content\/uploads\/2021\/10\/location-materiel-de-soiree-sonorisation-enceinte-lumiere-ambiance-ecran-video-dci-event-pays-basque-landes-aquitaine.jpg 640w\" title=\"LOCATION DE MATERIEL\" alt=\"location sonorisation eclairage vid\u00e9o mat\u00e9riel de spectacle pays basque sud landes aquitaine DCI EVENT\" \t\tclass=\"so-widget-image\"\/>\n\t\t\t<\/a><\/div>\n\n<\/div><\/div><\/div><\/div><div id=\"pgc-19-2-1\"  class=\"panel-grid-cell\" ><div id=\"LocationVente\" class=\"panel-cell-style panel-cell-style-for-19-2-1\" ><div id=\"panel-19-2-1-0\" class=\"so-panel widget widget_sow-editor panel-first-child panel-last-child\" data-index=\"6\" ><div\n\t\t\t\n\t\t\tclass=\"so-widget-sow-editor so-widget-sow-editor-base\"\n\t\t\t\n\t\t>\n<div class=\"siteorigin-widget-tinymce textwidget\">\n\t<ul>\n<li>Pour les professionnels<br \/>\n&amp; les particuliers<\/li>\n<li>Retrait\/d\u00e9p\u00f4t avec ou sans<br \/>\ninstallation<\/li>\n<\/ul>\n<p><a href=\"https:\/\/dcievent.com\/index.php\/location\/\">Cliquez<\/a> sur l'image pour en<br \/>\nsavoir plus !<\/p>\n<\/div>\n<\/div><\/div><\/div><\/div><div id=\"pgc-19-2-2\"  class=\"panel-grid-cell\" ><div id=\"panel-19-2-2-0\" class=\"so-panel widget widget_sow-image panel-first-child panel-last-child\" data-index=\"7\" ><div\n\t\t\t\n\t\t\tclass=\"so-widget-sow-image so-widget-sow-image-default-8c77137dfb15-19\"\n\t\t\t\n\t\t><h3 class=\"widget-title\">DISTRIBUTION ELECTRIQUE<\/h3>\n<div class=\"sow-image-container\">\n\t\t\t<a href=\"https:\/\/dcievent.com\/index.php\/distribution-electrique\/\"\n\t\t\t\t\t>\n\t\t\t<img decoding=async data-opt-id=113629840  data-opt-src=\"https:\/\/mlpbnbifhtdl.i.optimole.com\/cb:Cy3u.b2dd\/w:480\/h:300\/q:mauto\/rt:fill\/g:sm\/f:best\/https:\/\/dcievent.com\/wp-content\/uploads\/2024\/09\/distrib-elec.jpg\"  \n\tsrc=\"https:\/\/mlpbnbifhtdl.i.optimole.com\/cb:Cy3u.b2dd\/w:480\/h:300\/q:mauto\/rt:fill\/g:sm\/f:best\/https:\/\/dcievent.com\/wp-content\/uploads\/2024\/09\/distrib-elec.jpg\" width=\"480\" height=\"300\" old-srcset=\"https:\/\/mlpbnbifhtdl.i.optimole.com\/cb:Cy3u.b2dd\/w:480\/h:300\/q:mauto\/rt:fill\/g:sm\/f:best\/https:\/\/dcievent.com\/wp-content\/uploads\/2024\/09\/distrib-elec-scaled.jpg 480w, https:\/\/mlpbnbifhtdl.i.optimole.com\/cb:Cy3u.b2dd\/w:640\/h:400\/q:mauto\/rt:fill\/g:sm\/f:best\/https:\/\/dcievent.com\/wp-content\/uploads\/2024\/09\/distrib-elec-scaled.jpg 640w\" title=\"DISTRIBUTION ELECTRIQUE\" alt=\"int\u00e9gration audiovisuel r\u00e9seau eclairage sc\u00e9nique batiment renovation construction pole culturel aquitaine pays basque landes DCI EVENT\" \t\tclass=\"so-widget-image\"\/>\n\t\t\t<\/a><\/div>\n\n<\/div><\/div><\/div><div id=\"pgc-19-2-3\"  class=\"panel-grid-cell\" ><div id=\"panel-19-2-3-0\" class=\"so-panel widget widget_sow-editor panel-first-child panel-last-child\" data-index=\"8\" ><div\n\t\t\t\n\t\t\tclass=\"so-widget-sow-editor so-widget-sow-editor-base\"\n\t\t\t\n\t\t>\n<div class=\"siteorigin-widget-tinymce textwidget\">\n\t<ul>\n<li>Mise en place de groupes<br \/>\n\u00e9lectrog\u00e8nes toute taille<\/li>\n<li>Armoires &amp; coffrets \u00e9lectriques,<br \/>\nrallonges, multiprises, ...<\/li>\n<\/ul>\n<p><a href=\"https:\/\/dcievent.com\/index.php\/distribution-electrique\/\">Cliquez<\/a> sur l'image pour en<br \/>\nsavoir plus !<\/p>\n<\/div>\n<\/div><\/div><\/div><\/div><div id=\"pg-19-3\"  class=\"panel-grid panel-no-style\" ><div id=\"pgc-19-3-0\"  class=\"panel-grid-cell\" ><div id=\"panel-19-3-0-0\" class=\"so-panel widget widget_sow-editor panel-first-child\" data-index=\"9\" ><div\n\t\t\t\n\t\t\tclass=\"so-widget-sow-editor so-widget-sow-editor-base\"\n\t\t\t\n\t\t>\n<div class=\"siteorigin-widget-tinymce textwidget\">\n\t<hr \/>\n<p>&nbsp;<\/p>\n<\/div>\n<\/div><\/div><div id=\"panel-19-3-0-1\" class=\"so-panel widget widget_siteorigin-panels-builder panel-last-child\" data-index=\"10\" ><div id=\"pl-w615c6c3d62ece\"  class=\"panel-layout\" ><div id=\"pg-w615c6c3d62ece-0\"  class=\"panel-grid panel-no-style\" ><div id=\"pgc-w615c6c3d62ece-0-0\"  class=\"panel-grid-cell\" ><div id=\"panel-w615c6c3d62ece-0-0-0\" class=\"so-panel widget widget_sow-editor panel-first-child panel-last-child\" data-index=\"0\" ><div\n\t\t\t\n\t\t\tclass=\"so-widget-sow-editor so-widget-sow-editor-base\"\n\t\t\t\n\t\t>\n<div class=\"siteorigin-widget-tinymce textwidget\">\n\t<p style=\"text-align: center;\"><div id=\"metaslider-id-1450\" style=\"max-width: 720px; margin: 0 auto;\" class=\"ml-slider-3-108-0 metaslider metaslider-flex metaslider-1450 ml-slider has-dots-nav ms-theme-default\" role=\"region\" aria-label=\"Activit\u00e9s\" data-height=\"300\" data-width=\"720\">\n    <div id=\"metaslider_container_1450\">\n        <div id=\"metaslider_1450\">\n            <ul class='slides'>\n                <li style=\"display: block; width: 100%;\" class=\"slide-2623 ms-image \" aria-roledescription=\"slide\" data-date=\"2021-10-05 17:32:52\" data-filename=\"pottoka gaua ar\u00e8nes de Bayonne.jpg\" data-slide-type=\"image\"><img data-opt-id=2118939237  decoding=\"async\" width=\"1920\" height=\"1440\" src=\"https:\/\/dcievent.com\/wp-content\/uploads\/2021\/09\/pottoka gaua ar\u00e8nes de Bayonne.jpg\" class=\"slider-1450 slide-2623 msDefaultImage\" alt=\"pottoka gaua ar\u00e8nes de bayonne\" rel=\"\" title=\"20210806_213527\" style=\"margin: 0 auto; width: 55.555555555556%\" srcset=\"https:\/\/mlpbnbifhtdl.i.optimole.com\/cb:Cy3u.b2dd\/w:1440\/h:1080\/q:mauto\/g:sm\/f:best\/https:\/\/dcievent.com\/wp-content\/uploads\/2021\/09\/pottoka%20gaua%20ar\u00e8nes%20de%20Bayonne.jpg 1920w, https:\/\/mlpbnbifhtdl.i.optimole.com\/cb:Cy3u.b2dd\/w:300\/h:225\/q:mauto\/g:sm\/f:best\/https:\/\/dcievent.com\/wp-content\/uploads\/2021\/09\/pottoka%20gaua%20ar\u00e8nes%20de%20Bayonne.jpg 300w, https:\/\/mlpbnbifhtdl.i.optimole.com\/cb:Cy3u.b2dd\/w:1024\/h:768\/q:mauto\/g:sm\/f:best\/https:\/\/dcievent.com\/wp-content\/uploads\/2021\/09\/pottoka%20gaua%20ar\u00e8nes%20de%20Bayonne.jpg 1024w, https:\/\/mlpbnbifhtdl.i.optimole.com\/cb:Cy3u.b2dd\/w:768\/h:576\/q:mauto\/g:sm\/f:best\/https:\/\/dcievent.com\/wp-content\/uploads\/2021\/09\/pottoka%20gaua%20ar\u00e8nes%20de%20Bayonne.jpg 768w, https:\/\/mlpbnbifhtdl.i.optimole.com\/cb:Cy3u.b2dd\/w:1440\/h:1080\/q:mauto\/g:sm\/f:best\/https:\/\/dcievent.com\/wp-content\/uploads\/2021\/09\/pottoka%20gaua%20ar\u00e8nes%20de%20Bayonne.jpg 1536w, https:\/\/mlpbnbifhtdl.i.optimole.com\/cb:Cy3u.b2dd\/w:1440\/h:1080\/q:mauto\/g:sm\/f:best\/https:\/\/dcievent.com\/wp-content\/uploads\/2021\/09\/pottoka%20gaua%20ar\u00e8nes%20de%20Bayonne.jpg 2048w\" sizes=\"(max-width: 800px) 100vw, 800px\" \/><\/li>\n                <li style=\"display: none; width: 100%;\" class=\"slide-2625 ms-image \" aria-roledescription=\"slide\" data-date=\"2021-10-05 17:32:52\" data-filename=\"captation-video-live-concert-ptz-vmix-dci-event.jpg\" data-slide-type=\"image\"><img data-opt-id=1443618452  data-opt-src=\"https:\/\/mlpbnbifhtdl.i.optimole.com\/cb:Cy3u.b2dd\/w:auto\/h:auto\/q:mauto\/g:sm\/f:best\/https:\/\/dcievent.com\/wp-content\/uploads\/2021\/04\/captation-video-live-concert-ptz-vmix-dci-event.jpg\"  decoding=\"async\" width=\"1600\" height=\"900\" src=\"data:image/svg+xml,%3Csvg%20viewBox%3D%220%200%20100%%20100%%22%20width%3D%22100%%22%20height%3D%22100%%22%20xmlns%3D%22http%3A%2F%2Fwww.w3.org%2F2000%2Fsvg%22%3E%3Crect%20width%3D%22100%%22%20height%3D%22100%%22%20fill%3D%22transparent%22%2F%3E%3C%2Fsvg%3E\" class=\"slider-1450 slide-2625 msDefaultImage\" alt=\"captation diffusion vid\u00e9o facebook youtube groupe\" rel=\"\" title=\"Captation vid\u00e9o live concert PTZ vmix DCI event\" style=\"margin: 0 auto; width: 74.074074074074%\" old-srcset=\"https:\/\/mlpbnbifhtdl.i.optimole.com\/cb:Cy3u.b2dd\/w:1600\/h:900\/q:mauto\/g:sm\/f:best\/https:\/\/dcievent.com\/wp-content\/uploads\/2021\/04\/captation-video-live-concert-ptz-vmix-dci-event.jpg 1600w, https:\/\/mlpbnbifhtdl.i.optimole.com\/cb:Cy3u.b2dd\/w:300\/h:169\/q:mauto\/g:sm\/f:best\/https:\/\/dcievent.com\/wp-content\/uploads\/2021\/04\/captation-video-live-concert-ptz-vmix-dci-event.jpg 300w, https:\/\/mlpbnbifhtdl.i.optimole.com\/cb:Cy3u.b2dd\/w:1024\/h:576\/q:mauto\/g:sm\/f:best\/https:\/\/dcievent.com\/wp-content\/uploads\/2021\/04\/captation-video-live-concert-ptz-vmix-dci-event.jpg 1024w, https:\/\/mlpbnbifhtdl.i.optimole.com\/cb:Cy3u.b2dd\/w:768\/h:432\/q:mauto\/g:sm\/f:best\/https:\/\/dcievent.com\/wp-content\/uploads\/2021\/04\/captation-video-live-concert-ptz-vmix-dci-event.jpg 768w, https:\/\/mlpbnbifhtdl.i.optimole.com\/cb:Cy3u.b2dd\/w:1536\/h:864\/q:mauto\/g:sm\/f:best\/https:\/\/dcievent.com\/wp-content\/uploads\/2021\/04\/captation-video-live-concert-ptz-vmix-dci-event.jpg 1536w\" \/><\/li>\n                <li style=\"display: none; width: 100%;\" class=\"slide-2624 ms-image \" aria-roledescription=\"slide\" data-date=\"2021-10-05 17:32:52\" data-filename=\"estivales d&#039;arnaga th\u00e9atre du versant.jpg\" data-slide-type=\"image\"><img data-opt-id=230471637  decoding=\"async\" width=\"1920\" height=\"865\" src=\"https:\/\/dcievent.com\/wp-content\/uploads\/2021\/09\/estivales d&#039;arnaga th\u00e9atre du versant.jpg\" class=\"slider-1450 slide-2624 msDefaultImage\" alt=\"estivales arnaga th\u00e9\u00e2tre et musique quatuor\" rel=\"\" title=\"20210812_212422\" style=\"margin: 0 auto; width: 92.485549132948%\" srcset=\"https:\/\/mlpbnbifhtdl.i.optimole.com\/cb:Cy3u.b2dd\/w:1920\/h:865\/q:mauto\/g:sm\/f:best\/https:\/\/dcievent.com\/wp-content\/uploads\/2021\/09\/estivales%20d&#039;arnaga%20th\u00e9atre%20du%20versant.jpg 1920w, https:\/\/mlpbnbifhtdl.i.optimole.com\/cb:Cy3u.b2dd\/w:300\/h:135\/q:mauto\/g:sm\/f:best\/https:\/\/dcievent.com\/wp-content\/uploads\/2021\/09\/estivales%20d&#039;arnaga%20th\u00e9atre%20du%20versant.jpg 300w, https:\/\/mlpbnbifhtdl.i.optimole.com\/cb:Cy3u.b2dd\/w:1024\/h:461\/q:mauto\/g:sm\/f:best\/https:\/\/dcievent.com\/wp-content\/uploads\/2021\/09\/estivales%20d&#039;arnaga%20th\u00e9atre%20du%20versant.jpg 1024w, https:\/\/mlpbnbifhtdl.i.optimole.com\/cb:Cy3u.b2dd\/w:768\/h:346\/q:mauto\/g:sm\/f:best\/https:\/\/dcievent.com\/wp-content\/uploads\/2021\/09\/estivales%20d&#039;arnaga%20th\u00e9atre%20du%20versant.jpg 768w, https:\/\/mlpbnbifhtdl.i.optimole.com\/cb:Cy3u.b2dd\/w:1536\/h:692\/q:mauto\/g:sm\/f:best\/https:\/\/dcievent.com\/wp-content\/uploads\/2021\/09\/estivales%20d&#039;arnaga%20th\u00e9atre%20du%20versant.jpg 1536w, https:\/\/mlpbnbifhtdl.i.optimole.com\/cb:Cy3u.b2dd\/w:1920\/h:864\/q:mauto\/g:sm\/f:best\/https:\/\/dcievent.com\/wp-content\/uploads\/2021\/09\/estivales%20d&#039;arnaga%20th\u00e9atre%20du%20versant.jpg 2048w, https:\/\/mlpbnbifhtdl.i.optimole.com\/cb:Cy3u.b2dd\/w:800\/h:360\/q:mauto\/g:sm\/f:best\/https:\/\/dcievent.com\/wp-content\/uploads\/2021\/09\/estivales%20d&#039;arnaga%20th\u00e9atre%20du%20versant.jpg 800w, https:\/\/mlpbnbifhtdl.i.optimole.com\/cb:Cy3u.b2dd\/w:620\/h:279\/q:mauto\/g:sm\/f:best\/https:\/\/dcievent.com\/wp-content\/uploads\/2021\/09\/estivales%20d&#039;arnaga%20th\u00e9atre%20du%20versant.jpg 620w, https:\/\/mlpbnbifhtdl.i.optimole.com\/cb:Cy3u.b2dd\/w:400\/h:180\/q:mauto\/g:sm\/f:best\/https:\/\/dcievent.com\/wp-content\/uploads\/2021\/09\/estivales%20d&#039;arnaga%20th\u00e9atre%20du%20versant.jpg 400w\" sizes=\"(max-width: 800px) 100vw, 800px\" \/><\/li>\n                <li style=\"display: none; width: 100%;\" class=\"slide-2626 ms-image \" aria-roledescription=\"slide\" data-date=\"2021-10-05 17:32:52\" data-filename=\"en-tol-sarmiento-herri-urrats.jpg\" data-slide-type=\"image\"><img data-opt-id=1918256886  data-opt-src=\"https:\/\/mlpbnbifhtdl.i.optimole.com\/cb:Cy3u.b2dd\/w:auto\/h:auto\/q:mauto\/g:sm\/f:best\/https:\/\/dcievent.com\/wp-content\/uploads\/2019\/05\/en-tol-sarmiento-herri-urrats.jpg\"  decoding=\"async\" width=\"1080\" height=\"608\" src=\"data:image/svg+xml,%3Csvg%20viewBox%3D%220%200%20100%%20100%%22%20width%3D%22100%%22%20height%3D%22100%%22%20xmlns%3D%22http%3A%2F%2Fwww.w3.org%2F2000%2Fsvg%22%3E%3Crect%20width%3D%22100%%22%20height%3D%22100%%22%20fill%3D%22transparent%22%2F%3E%3C%2Fsvg%3E\" class=\"slider-1450 slide-2626 msDefaultImage\" alt=\"Concert sonorisation Pays Basque DCI event\" rel=\"\" title=\"En Tol Sarmiento Herri Urrats\" style=\"margin: 0 auto; width: 74.013157894737%\" old-srcset=\"https:\/\/mlpbnbifhtdl.i.optimole.com\/cb:Cy3u.b2dd\/w:1080\/h:608\/q:mauto\/g:sm\/f:best\/https:\/\/dcievent.com\/wp-content\/uploads\/2019\/05\/en-tol-sarmiento-herri-urrats.jpg 1080w, https:\/\/mlpbnbifhtdl.i.optimole.com\/cb:Cy3u.b2dd\/w:300\/h:169\/q:mauto\/g:sm\/f:best\/https:\/\/dcievent.com\/wp-content\/uploads\/2019\/05\/en-tol-sarmiento-herri-urrats.jpg 300w, https:\/\/mlpbnbifhtdl.i.optimole.com\/cb:Cy3u.b2dd\/w:768\/h:432\/q:mauto\/g:sm\/f:best\/https:\/\/dcievent.com\/wp-content\/uploads\/2019\/05\/en-tol-sarmiento-herri-urrats.jpg 768w, https:\/\/mlpbnbifhtdl.i.optimole.com\/cb:Cy3u.b2dd\/w:1024\/h:576\/q:mauto\/g:sm\/f:best\/https:\/\/dcievent.com\/wp-content\/uploads\/2019\/05\/en-tol-sarmiento-herri-urrats.jpg 1024w\" \/><\/li>\n                <li style=\"display: none; width: 100%;\" class=\"slide-2627 ms-image \" aria-roledescription=\"slide\" data-date=\"2021-10-05 17:32:52\" data-filename=\"pendrillonnage-mur-a-gauche-pour-concert.jpg\" data-slide-type=\"image\"><img data-opt-id=2047353990  data-opt-src=\"https:\/\/mlpbnbifhtdl.i.optimole.com\/cb:Cy3u.b2dd\/w:auto\/h:auto\/q:mauto\/g:sm\/f:best\/https:\/\/dcievent.com\/wp-content\/uploads\/2019\/02\/pendrillonnage-mur-a-gauche-pour-concert.jpg\"  decoding=\"async\" width=\"1080\" height=\"810\" src=\"data:image/svg+xml,%3Csvg%20viewBox%3D%220%200%20100%%20100%%22%20width%3D%22100%%22%20height%3D%22100%%22%20xmlns%3D%22http%3A%2F%2Fwww.w3.org%2F2000%2Fsvg%22%3E%3Crect%20width%3D%22100%%22%20height%3D%22100%%22%20fill%3D%22transparent%22%2F%3E%3C%2Fsvg%3E\" class=\"slider-1450 slide-2627 msDefaultImage\" alt=\"pendrillon mur \u00e0 gauche concert trinquet drap noir dci event\" rel=\"\" title=\"Pendrillonnage mur \u00e0 gauche pour concert\" style=\"margin: 0 auto; width: 55.555555555556%\" old-srcset=\"https:\/\/mlpbnbifhtdl.i.optimole.com\/cb:Cy3u.b2dd\/w:1080\/h:810\/q:mauto\/g:sm\/f:best\/https:\/\/dcievent.com\/wp-content\/uploads\/2019\/02\/pendrillonnage-mur-a-gauche-pour-concert.jpg 1080w, https:\/\/mlpbnbifhtdl.i.optimole.com\/cb:Cy3u.b2dd\/w:300\/h:225\/q:mauto\/g:sm\/f:best\/https:\/\/dcievent.com\/wp-content\/uploads\/2019\/02\/pendrillonnage-mur-a-gauche-pour-concert.jpg 300w, https:\/\/mlpbnbifhtdl.i.optimole.com\/cb:Cy3u.b2dd\/w:768\/h:576\/q:mauto\/g:sm\/f:best\/https:\/\/dcievent.com\/wp-content\/uploads\/2019\/02\/pendrillonnage-mur-a-gauche-pour-concert.jpg 768w, https:\/\/mlpbnbifhtdl.i.optimole.com\/cb:Cy3u.b2dd\/w:1024\/h:768\/q:mauto\/g:sm\/f:best\/https:\/\/dcievent.com\/wp-content\/uploads\/2019\/02\/pendrillonnage-mur-a-gauche-pour-concert.jpg 1024w\" \/><\/li>\n                <li style=\"display: none; width: 100%;\" class=\"slide-2628 ms-image \" aria-roledescription=\"slide\" data-date=\"2021-10-05 17:32:53\" data-filename=\"F\u00eates de Bayonne Alternatives Patxa.jpg\" data-slide-type=\"image\"><img data-opt-id=1707614407  decoding=\"async\" width=\"1080\" height=\"810\" src=\"https:\/\/dcievent.com\/wp-content\/uploads\/2018\/09\/Fêtes de Bayonne Alternatives Patxa.jpg\" class=\"slider-1450 slide-2628 msDefaultImage\" alt=\"irie jahzz f\u00eates de bayonne 2018 concert\" rel=\"\" title=\"20180726_004223(0)\" style=\"margin: 0 auto; width: 55.555555555556%\" srcset=\"https:\/\/mlpbnbifhtdl.i.optimole.com\/cb:Cy3u.b2dd\/w:1080\/h:810\/q:mauto\/g:sm\/f:best\/https:\/\/dcievent.com\/wp-content\/uploads\/2018\/09\/F\u00eates%20de%20Bayonne%20Alternatives%20Patxa.jpg 1080w, https:\/\/mlpbnbifhtdl.i.optimole.com\/cb:Cy3u.b2dd\/w:300\/h:225\/q:mauto\/g:sm\/f:best\/https:\/\/dcievent.com\/wp-content\/uploads\/2018\/09\/F\u00eates%20de%20Bayonne%20Alternatives%20Patxa.jpg 300w, https:\/\/mlpbnbifhtdl.i.optimole.com\/cb:Cy3u.b2dd\/w:768\/h:576\/q:mauto\/g:sm\/f:best\/https:\/\/dcievent.com\/wp-content\/uploads\/2018\/09\/F\u00eates%20de%20Bayonne%20Alternatives%20Patxa.jpg 768w, https:\/\/mlpbnbifhtdl.i.optimole.com\/cb:Cy3u.b2dd\/w:1024\/h:768\/q:mauto\/g:sm\/f:best\/https:\/\/dcievent.com\/wp-content\/uploads\/2018\/09\/F\u00eates%20de%20Bayonne%20Alternatives%20Patxa.jpg 1024w\" sizes=\"(max-width: 800px) 100vw, 800px\" \/><\/li>\n                <li style=\"display: none; width: 100%;\" class=\"slide-2629 ms-image \" aria-roledescription=\"slide\" data-date=\"2021-10-05 17:32:53\" data-filename=\"baigorry-orchestre-classisque-video-sonorisation-prestataire-technique-evenementiel-DCI-event.jpg\" data-slide-type=\"image\"><img data-opt-id=362672855  data-opt-src=\"https:\/\/mlpbnbifhtdl.i.optimole.com\/cb:Cy3u.b2dd\/w:auto\/h:auto\/q:mauto\/g:sm\/f:best\/https:\/\/dcievent.com\/wp-content\/uploads\/2019\/10\/baigorry-orchestre-classisque-video-sonorisation-prestataire-technique-evenementiel-DCI-event.jpg\"  decoding=\"async\" width=\"1080\" height=\"608\" src=\"data:image/svg+xml,%3Csvg%20viewBox%3D%220%200%20100%%20100%%22%20width%3D%22100%%22%20height%3D%22100%%22%20xmlns%3D%22http%3A%2F%2Fwww.w3.org%2F2000%2Fsvg%22%3E%3Crect%20width%3D%22100%%22%20height%3D%22100%%22%20fill%3D%22transparent%22%2F%3E%3C%2Fsvg%3E\" class=\"slider-1450 slide-2629 msDefaultImage\" alt=\"orchestre live acoustique micro num\u00e9rique Neumann digital\" rel=\"\" title=\"orchestre live acoustique DCI event\" style=\"margin: 0 auto; width: 74.013157894737%\" old-srcset=\"https:\/\/mlpbnbifhtdl.i.optimole.com\/cb:Cy3u.b2dd\/w:1080\/h:608\/q:mauto\/g:sm\/f:best\/https:\/\/dcievent.com\/wp-content\/uploads\/2019\/10\/baigorry-orchestre-classisque-video-sonorisation-prestataire-technique-evenementiel-DCI-event.jpg 1080w, https:\/\/mlpbnbifhtdl.i.optimole.com\/cb:Cy3u.b2dd\/w:300\/h:169\/q:mauto\/g:sm\/f:best\/https:\/\/dcievent.com\/wp-content\/uploads\/2019\/10\/baigorry-orchestre-classisque-video-sonorisation-prestataire-technique-evenementiel-DCI-event.jpg 300w, https:\/\/mlpbnbifhtdl.i.optimole.com\/cb:Cy3u.b2dd\/w:768\/h:432\/q:mauto\/g:sm\/f:best\/https:\/\/dcievent.com\/wp-content\/uploads\/2019\/10\/baigorry-orchestre-classisque-video-sonorisation-prestataire-technique-evenementiel-DCI-event.jpg 768w, https:\/\/mlpbnbifhtdl.i.optimole.com\/cb:Cy3u.b2dd\/w:1024\/h:576\/q:mauto\/g:sm\/f:best\/https:\/\/dcievent.com\/wp-content\/uploads\/2019\/10\/baigorry-orchestre-classisque-video-sonorisation-prestataire-technique-evenementiel-DCI-event.jpg 1024w\" \/><\/li>\n                <li style=\"display: none; width: 100%;\" class=\"slide-2630 ms-image \" aria-roledescription=\"slide\" data-date=\"2021-10-05 17:32:53\" data-filename=\"niko-etxart.jpg\" data-slide-type=\"image\"><img data-opt-id=1113507675  data-opt-src=\"https:\/\/mlpbnbifhtdl.i.optimole.com\/cb:Cy3u.b2dd\/w:auto\/h:auto\/q:mauto\/g:sm\/f:best\/https:\/\/dcievent.com\/wp-content\/uploads\/2017\/02\/niko-etxart.jpg\"  decoding=\"async\" width=\"800\" height=\"390\" src=\"data:image/svg+xml,%3Csvg%20viewBox%3D%220%200%20100%%20100%%22%20width%3D%22100%%22%20height%3D%22100%%22%20xmlns%3D%22http%3A%2F%2Fwww.w3.org%2F2000%2Fsvg%22%3E%3Crect%20width%3D%22100%%22%20height%3D%22100%%22%20fill%3D%22transparent%22%2F%3E%3C%2Fsvg%3E\" class=\"slider-1450 slide-2630 msDefaultImage\" alt=\"Niko Etxart Bixinxto Hendaye 2017\" rel=\"\" title=\"niko etxart\" style=\"margin: 0 auto; width: 85.470085470085%\" old-srcset=\"https:\/\/mlpbnbifhtdl.i.optimole.com\/cb:Cy3u.b2dd\/w:800\/h:390\/q:mauto\/g:sm\/f:best\/https:\/\/dcievent.com\/wp-content\/uploads\/2017\/02\/niko-etxart.jpg 800w, https:\/\/mlpbnbifhtdl.i.optimole.com\/cb:Cy3u.b2dd\/w:300\/h:146\/q:mauto\/g:sm\/f:best\/https:\/\/dcievent.com\/wp-content\/uploads\/2017\/02\/niko-etxart.jpg 300w, https:\/\/mlpbnbifhtdl.i.optimole.com\/cb:Cy3u.b2dd\/w:768\/h:374\/q:mauto\/g:sm\/f:best\/https:\/\/dcievent.com\/wp-content\/uploads\/2017\/02\/niko-etxart.jpg 768w\" \/><\/li>\n                <li style=\"display: none; width: 100%;\" class=\"slide-2633 ms-image \" aria-roledescription=\"slide\" data-date=\"2021-10-05 17:35:08\" data-filename=\"soir\u00e9e priv\u00e9e entreprise privatisation piscine DJ lumi\u00e8res journ\u00e9e coh\u00e9sion DCI event\" data-slide-type=\"image\"><img data-opt-id=1000999891  decoding=\"async\" width=\"2560\" height=\"1440\" src=\"https:\/\/dcievent.com\/wp-content\/uploads\/2021\/10\/soirée priv\u00e9e entreprise privatisation piscine DJ lumi\u00e8res journ\u00e9e coh\u00e9sion DCI event\" class=\"slider-1450 slide-2633 msDefaultImage\" alt=\"discotheque ephemere piscine nabaiji seminaire DJ eclairage sonorisation DCI event\" rel=\"\" title=\"20180201_235458\" style=\"margin: 0 auto; width: 74.074074074074%\" \/><\/li>\n                <li style=\"display: none; width: 100%;\" class=\"slide-2634 ms-image \" aria-roledescription=\"slide\" data-date=\"2021-10-05 17:35:08\" data-filename=\"ecran g\u00e9ant match rediffusion exterieur place publique bar DCI event\" data-slide-type=\"image\"><img data-opt-id=1315096042  decoding=\"async\" width=\"2016\" height=\"1134\" src=\"https:\/\/dcievent.com\/wp-content\/uploads\/2021\/10\/ecran g\u00e9ant match rediffusion exterieur place publique bar DCI event\" class=\"slider-1450 slide-2634 msDefaultImage\" alt=\"ecran g\u00e9ant outdoor remorques LED match foot rugby diffusion sonorisation coupe du monde DCI event\" rel=\"\" title=\"37207816_10217129527931936_169538692933746688_n\" style=\"margin: 0 auto; width: 74.074074074074%\" \/><\/li>\n                <li style=\"display: none; width: 100%;\" class=\"slide-2636 ms-image \" aria-roledescription=\"slide\" data-date=\"2021-10-05 17:41:00\" data-filename=\"sonorisation location materiel DJ mix live bar restaurant enceinte platine deejay pays basque landes aquitaine DCI event\" data-slide-type=\"image\"><img data-opt-id=718730628  decoding=\"async\" width=\"1080\" height=\"735\" src=\"https:\/\/dcievent.com\/wp-content\/uploads\/2021\/10\/sonorisation location materiel DJ mix live bar restaurant enceinte platine deejay pays basque landes aquitaine DCI event\" class=\"slider-1450 slide-2636 msDefaultImage\" alt=\"DJ bar animation mix live cote des basques plage restaurant location platine DCI event\" rel=\"\" title=\"dj 115XT\" style=\"margin: 0 auto; width: 61.224489795918%\" \/><\/li>\n                <li style=\"display: none; width: 100%;\" class=\"slide-2638 ms-image \" aria-roledescription=\"slide\" data-date=\"2021-10-05 17:42:41\" data-filename=\"eclairage architectural soir\u00e9e priv\u00e9e cocktail villa buffet DCI event pays basque landes aquitaine\" data-slide-type=\"image\"><img data-opt-id=863405631  decoding=\"async\" width=\"2560\" height=\"1440\" src=\"https:\/\/dcievent.com\/wp-content\/uploads\/2021\/10\/eclairage architectural soir\u00e9e priv\u00e9e cocktail villa buffet DCI event pays basque landes aquitaine\" class=\"slider-1450 slide-2638 msDefaultImage\" alt=\"soiree privee cocktail bayonne biarritz bidart saint jean de luz eclairage architectural DJ ambiance traiteur DCI event\" rel=\"\" title=\"20190811_214807\" style=\"margin: 0 auto; width: 74.074074074074%\" \/><\/li>\n                <li style=\"display: none; width: 100%;\" class=\"slide-2640 ms-image \" aria-roledescription=\"slide\" data-date=\"2021-10-05 17:43:48\" data-filename=\"montage-ecrans-halles-de-bayonne.jpg\" data-slide-type=\"image\"><img data-opt-id=174282201  data-opt-src=\"https:\/\/mlpbnbifhtdl.i.optimole.com\/cb:Cy3u.b2dd\/w:auto\/h:auto\/q:mauto\/g:sm\/f:best\/https:\/\/dcievent.com\/wp-content\/uploads\/2021\/10\/montage-ecrans-halles-de-bayonne.jpg\"  decoding=\"async\" width=\"2200\" height=\"1288\" src=\"data:image/svg+xml,%3Csvg%20viewBox%3D%220%200%20100%%20100%%22%20width%3D%22100%%22%20height%3D%22100%%22%20xmlns%3D%22http%3A%2F%2Fwww.w3.org%2F2000%2Fsvg%22%3E%3Crect%20width%3D%22100%%22%20height%3D%22100%%22%20fill%3D%22transparent%22%2F%3E%3C%2Fsvg%3E\" class=\"slider-1450 slide-2640 msDefaultImage\" alt=\"match live supporter rugby finale top 14 ecran geant halle de bayonne canal+ DCI event\" rel=\"\" title=\"montage \u00e9crans halles de bayonne\" style=\"margin: 0 auto; width: 71.169772256729%\" old-srcset=\"https:\/\/mlpbnbifhtdl.i.optimole.com\/cb:Cy3u.b2dd\/w:1844\/h:1080\/q:mauto\/g:sm\/f:best\/https:\/\/dcievent.com\/wp-content\/uploads\/2021\/10\/montage-ecrans-halles-de-bayonne.jpg 2200w, https:\/\/mlpbnbifhtdl.i.optimole.com\/cb:Cy3u.b2dd\/w:300\/h:176\/q:mauto\/g:sm\/f:best\/https:\/\/dcievent.com\/wp-content\/uploads\/2021\/10\/montage-ecrans-halles-de-bayonne.jpg 300w, https:\/\/mlpbnbifhtdl.i.optimole.com\/cb:Cy3u.b2dd\/w:1024\/h:600\/q:mauto\/g:sm\/f:best\/https:\/\/dcievent.com\/wp-content\/uploads\/2021\/10\/montage-ecrans-halles-de-bayonne.jpg 1024w, https:\/\/mlpbnbifhtdl.i.optimole.com\/cb:Cy3u.b2dd\/w:768\/h:450\/q:mauto\/g:sm\/f:best\/https:\/\/dcievent.com\/wp-content\/uploads\/2021\/10\/montage-ecrans-halles-de-bayonne.jpg 768w, https:\/\/mlpbnbifhtdl.i.optimole.com\/cb:Cy3u.b2dd\/w:1536\/h:899\/q:mauto\/g:sm\/f:best\/https:\/\/dcievent.com\/wp-content\/uploads\/2021\/10\/montage-ecrans-halles-de-bayonne.jpg 1536w, https:\/\/mlpbnbifhtdl.i.optimole.com\/cb:Cy3u.b2dd\/w:1844\/h:1080\/q:mauto\/g:sm\/f:best\/https:\/\/dcievent.com\/wp-content\/uploads\/2021\/10\/montage-ecrans-halles-de-bayonne.jpg 2048w\" \/><\/li>\n            <\/ul>\n        <\/div>\n        \n    <\/div>\n<\/div><\/p>\n<\/div>\n<\/div><\/div><\/div><\/div><\/div><\/div><\/div><\/div><\/div>","protected":false},"excerpt":{"rendered":"<p>Depuis sa cr\u00e9ation en 2008, DCI event est expert dans les activit\u00e9s li\u00e9es \u00e0 la technique du spectacle. Nous proposons aujourd&#8217;hui des solutions compl\u00e8tes dans les secteurs de la prestation &#8230;<\/p>\n","protected":false},"author":1,"featured_media":44,"parent":0,"menu_order":1,"comment_status":"closed","ping_status":"closed","template":"template-fullwidth.php","meta":{"footnotes":""},"class_list":["post-19","page","type-page","status-publish","has-post-thumbnail","hentry"],"yoast_head":"<!-- This site is optimized with the Yoast SEO plugin v27.4 - https:\/\/yoast.com\/product\/yoast-seo-wordpress\/ -->\n<title>Services : prestation, \u00e9v\u00e9nementiel, location\/vente, int\u00e9gration - DCI Event - Prestataire Technique Audiovisuel<\/title>\n<meta name=\"description\" content=\"Activit\u00e9s \u00e9v\u00e9nementielles et audiovisuelles : Sonorisation - \u00c9clairage - Vid\u00e9o - Structure - Installations fixes - Distribution \u00e9lectrique\" \/>\n<meta name=\"robots\" content=\"index, follow, max-snippet:-1, max-image-preview:large, max-video-preview:-1\" \/>\n<link rel=\"canonical\" href=\"https:\/\/dcievent.com\/index.php\/activites\/\" \/>\n<meta property=\"og:locale\" content=\"fr_FR\" \/>\n<meta property=\"og:type\" content=\"article\" \/>\n<meta property=\"og:title\" content=\"Services : prestation, \u00e9v\u00e9nementiel, location\/vente, int\u00e9gration - DCI Event - Prestataire Technique Audiovisuel\" \/>\n<meta property=\"og:description\" content=\"Activit\u00e9s \u00e9v\u00e9nementielles et audiovisuelles : Sonorisation - \u00c9clairage - Vid\u00e9o - Structure - Installations fixes - Distribution \u00e9lectrique\" \/>\n<meta property=\"og:url\" content=\"https:\/\/dcievent.com\/index.php\/activites\/\" \/>\n<meta property=\"og:site_name\" content=\"DCI Event - Prestataire Technique Audiovisuel\" \/>\n<meta property=\"article:publisher\" content=\"http:\/\/www.facebook.com\/dcievent\" \/>\n<meta property=\"article:modified_time\" content=\"2024-09-05T12:25:42+00:00\" \/>\n<meta property=\"og:image\" content=\"https:\/\/mlpbnbifhtdl.i.optimole.com\/cb:Cy3u.b2dd\/w:auto\/h:auto\/q:mauto\/g:sm\/f:best\/https:\/\/dcievent.com\/wp-content\/uploads\/2016\/10\/niko-etchart-groupe-ibarron-concert-DCI-event.jpg\" \/>\n\t<meta property=\"og:image:width\" content=\"1080\" \/>\n\t<meta property=\"og:image:height\" content=\"608\" \/>\n\t<meta property=\"og:image:type\" content=\"image\/jpeg\" \/>\n<meta name=\"twitter:card\" content=\"summary_large_image\" \/>\n<meta name=\"twitter:label1\" content=\"Dur\u00e9e de lecture estim\u00e9e\" \/>\n\t<meta name=\"twitter:data1\" content=\"5 minutes\" \/>\n<script type=\"application\/ld+json\" class=\"yoast-schema-graph\">{\"@context\":\"https:\\\/\\\/schema.org\",\"@graph\":[{\"@type\":\"WebPage\",\"@id\":\"https:\\\/\\\/dcievent.com\\\/index.php\\\/activites\\\/\",\"url\":\"https:\\\/\\\/dcievent.com\\\/index.php\\\/activites\\\/\",\"name\":\"Services : prestation, \u00e9v\u00e9nementiel, location\\\/vente, int\u00e9gration - DCI Event - Prestataire Technique Audiovisuel\",\"isPartOf\":{\"@id\":\"https:\\\/\\\/dcievent.com\\\/#website\"},\"primaryImageOfPage\":{\"@id\":\"https:\\\/\\\/dcievent.com\\\/index.php\\\/activites\\\/#primaryimage\"},\"image\":{\"@id\":\"https:\\\/\\\/dcievent.com\\\/index.php\\\/activites\\\/#primaryimage\"},\"thumbnailUrl\":\"https:\\/\\/dcievent.com\\/wp-content\\/uploads\\/2016\\/10\\/niko-etchart-groupe-ibarron-concert-DCI-event.jpg\",\"datePublished\":\"2016-10-22T10:09:57+00:00\",\"dateModified\":\"2024-09-05T12:25:42+00:00\",\"description\":\"Activit\u00e9s \u00e9v\u00e9nementielles et audiovisuelles : Sonorisation - \u00c9clairage - Vid\u00e9o - Structure - Installations fixes - Distribution \u00e9lectrique\",\"breadcrumb\":{\"@id\":\"https:\\\/\\\/dcievent.com\\\/index.php\\\/activites\\\/#breadcrumb\"},\"inLanguage\":\"fr-FR\",\"potentialAction\":[{\"@type\":\"ReadAction\",\"target\":[\"https:\\\/\\\/dcievent.com\\\/index.php\\\/activites\\\/\"]}]},{\"@type\":\"ImageObject\",\"inLanguage\":\"fr-FR\",\"@id\":\"https:\\\/\\\/dcievent.com\\\/index.php\\\/activites\\\/#primaryimage\",\"url\":\"https:\\/\\/dcievent.com\\/wp-content\\/uploads\\/2016\\/10\\/niko-etchart-groupe-ibarron-concert-DCI-event.jpg\",\"contentUrl\":\"https:\\/\\/dcievent.com\\/wp-content\\/uploads\\/2016\\/10\\/niko-etchart-groupe-ibarron-concert-DCI-event.jpg\",\"width\":1080,\"height\":608,\"caption\":\"DCI Event location sono lumi\u00e8re sc\u00e8ne concert public\"},{\"@type\":\"BreadcrumbList\",\"@id\":\"https:\\\/\\\/dcievent.com\\\/index.php\\\/activites\\\/#breadcrumb\",\"itemListElement\":[{\"@type\":\"ListItem\",\"position\":1,\"name\":\"Accueil\",\"item\":\"https:\\\/\\\/dcievent.com\\\/\"},{\"@type\":\"ListItem\",\"position\":2,\"name\":\"Services\"}]},{\"@type\":\"WebSite\",\"@id\":\"https:\\\/\\\/dcievent.com\\\/#website\",\"url\":\"https:\\\/\\\/dcievent.com\\\/\",\"name\":\"DCI Event\",\"description\":\"Location sonorisation, int\u00e9grateur audiovisuel, r\u00e9gie technique de spectacle\",\"publisher\":{\"@id\":\"https:\\\/\\\/dcievent.com\\\/#organization\"},\"potentialAction\":[{\"@type\":\"SearchAction\",\"target\":{\"@type\":\"EntryPoint\",\"urlTemplate\":\"https:\\\/\\\/dcievent.com\\\/?s={search_term_string}\"},\"query-input\":{\"@type\":\"PropertyValueSpecification\",\"valueRequired\":true,\"valueName\":\"search_term_string\"}}],\"inLanguage\":\"fr-FR\"},{\"@type\":\"Organization\",\"@id\":\"https:\\\/\\\/dcievent.com\\\/#organization\",\"name\":\"DCI event\",\"url\":\"https:\\\/\\\/dcievent.com\\\/\",\"logo\":{\"@type\":\"ImageObject\",\"inLanguage\":\"fr-FR\",\"@id\":\"https:\\\/\\\/dcievent.com\\\/#\\\/schema\\\/logo\\\/image\\\/\",\"url\":\"https:\\/\\/dcievent.com\\/wp-content\\/uploads\\/2024\\/01\\/cropped-cropped-DCI_LogoEvent_CMJN_HD-scaled-1.jpg\",\"contentUrl\":\"https:\\/\\/dcievent.com\\/wp-content\\/uploads\\/2024\\/01\\/cropped-cropped-DCI_LogoEvent_CMJN_HD-scaled-1.jpg\",\"width\":512,\"height\":512,\"caption\":\"DCI event\"},\"image\":{\"@id\":\"https:\\\/\\\/dcievent.com\\\/#\\\/schema\\\/logo\\\/image\\\/\"},\"sameAs\":[\"http:\\\/\\\/www.facebook.com\\\/dcievent\",\"http:\\\/\\\/www.instagram.com\\\/dcievent\"]}]}<\/script>\n<!-- \/ Yoast SEO plugin. -->","yoast_head_json":{"title":"Services : prestation, \u00e9v\u00e9nementiel, location\/vente, int\u00e9gration - DCI Event - Prestataire Technique Audiovisuel","description":"Activit\u00e9s \u00e9v\u00e9nementielles et audiovisuelles : Sonorisation - \u00c9clairage - Vid\u00e9o - Structure - Installations fixes - Distribution \u00e9lectrique","robots":{"index":"index","follow":"follow","max-snippet":"max-snippet:-1","max-image-preview":"max-image-preview:large","max-video-preview":"max-video-preview:-1"},"canonical":"https:\/\/dcievent.com\/index.php\/activites\/","og_locale":"fr_FR","og_type":"article","og_title":"Services : prestation, \u00e9v\u00e9nementiel, location\/vente, int\u00e9gration - DCI Event - Prestataire Technique Audiovisuel","og_description":"Activit\u00e9s \u00e9v\u00e9nementielles et audiovisuelles : Sonorisation - \u00c9clairage - Vid\u00e9o - Structure - Installations fixes - Distribution \u00e9lectrique","og_url":"https:\/\/dcievent.com\/index.php\/activites\/","og_site_name":"DCI Event - Prestataire Technique Audiovisuel","article_publisher":"http:\/\/www.facebook.com\/dcievent","article_modified_time":"2024-09-05T12:25:42+00:00","og_image":[{"width":1080,"height":608,"url":"https:\/\/mlpbnbifhtdl.i.optimole.com\/cb:Cy3u.b2dd\/w:auto\/h:auto\/q:mauto\/g:sm\/f:best\/https:\/\/dcievent.com\/wp-content\/uploads\/2016\/10\/niko-etchart-groupe-ibarron-concert-DCI-event.jpg","type":"image\/jpeg"}],"twitter_card":"summary_large_image","twitter_misc":{"Dur\u00e9e de lecture estim\u00e9e":"5 minutes"},"schema":{"@context":"https:\/\/schema.org","@graph":[{"@type":"WebPage","@id":"https:\/\/dcievent.com\/index.php\/activites\/","url":"https:\/\/dcievent.com\/index.php\/activites\/","name":"Services : prestation, \u00e9v\u00e9nementiel, location\/vente, int\u00e9gration - DCI Event - Prestataire Technique Audiovisuel","isPartOf":{"@id":"https:\/\/dcievent.com\/#website"},"primaryImageOfPage":{"@id":"https:\/\/dcievent.com\/index.php\/activites\/#primaryimage"},"image":{"@id":"https:\/\/dcievent.com\/index.php\/activites\/#primaryimage"},"thumbnailUrl":"https:\/\/mlpbnbifhtdl.i.optimole.com\/cb:Cy3u.b2dd\/w:auto\/h:auto\/q:mauto\/g:sm\/f:best\/https:\/\/dcievent.com\/wp-content\/uploads\/2016\/10\/niko-etchart-groupe-ibarron-concert-DCI-event.jpg","datePublished":"2016-10-22T10:09:57+00:00","dateModified":"2024-09-05T12:25:42+00:00","description":"Activit\u00e9s \u00e9v\u00e9nementielles et audiovisuelles : Sonorisation - \u00c9clairage - Vid\u00e9o - Structure - Installations fixes - Distribution \u00e9lectrique","breadcrumb":{"@id":"https:\/\/dcievent.com\/index.php\/activites\/#breadcrumb"},"inLanguage":"fr-FR","potentialAction":[{"@type":"ReadAction","target":["https:\/\/dcievent.com\/index.php\/activites\/"]}]},{"@type":"ImageObject","inLanguage":"fr-FR","@id":"https:\/\/dcievent.com\/index.php\/activites\/#primaryimage","url":"https:\/\/mlpbnbifhtdl.i.optimole.com\/cb:Cy3u.b2dd\/w:auto\/h:auto\/q:mauto\/g:sm\/f:best\/https:\/\/dcievent.com\/wp-content\/uploads\/2016\/10\/niko-etchart-groupe-ibarron-concert-DCI-event.jpg","contentUrl":"https:\/\/mlpbnbifhtdl.i.optimole.com\/cb:Cy3u.b2dd\/w:auto\/h:auto\/q:mauto\/g:sm\/f:best\/https:\/\/dcievent.com\/wp-content\/uploads\/2016\/10\/niko-etchart-groupe-ibarron-concert-DCI-event.jpg","width":1080,"height":608,"caption":"DCI Event location sono lumi\u00e8re sc\u00e8ne concert public"},{"@type":"BreadcrumbList","@id":"https:\/\/dcievent.com\/index.php\/activites\/#breadcrumb","itemListElement":[{"@type":"ListItem","position":1,"name":"Accueil","item":"https:\/\/dcievent.com\/"},{"@type":"ListItem","position":2,"name":"Services"}]},{"@type":"WebSite","@id":"https:\/\/dcievent.com\/#website","url":"https:\/\/dcievent.com\/","name":"DCI Event","description":"Location sonorisation, int\u00e9grateur audiovisuel, r\u00e9gie technique de spectacle","publisher":{"@id":"https:\/\/dcievent.com\/#organization"},"potentialAction":[{"@type":"SearchAction","target":{"@type":"EntryPoint","urlTemplate":"https:\/\/dcievent.com\/?s={search_term_string}"},"query-input":{"@type":"PropertyValueSpecification","valueRequired":true,"valueName":"search_term_string"}}],"inLanguage":"fr-FR"},{"@type":"Organization","@id":"https:\/\/dcievent.com\/#organization","name":"DCI event","url":"https:\/\/dcievent.com\/","logo":{"@type":"ImageObject","inLanguage":"fr-FR","@id":"https:\/\/dcievent.com\/#\/schema\/logo\/image\/","url":"https:\/\/mlpbnbifhtdl.i.optimole.com\/cb:Cy3u.b2dd\/w:auto\/h:auto\/q:mauto\/g:sm\/f:best\/https:\/\/dcievent.com\/wp-content\/uploads\/2024\/01\/cropped-cropped-DCI_LogoEvent_CMJN_HD-scaled-1.jpg","contentUrl":"https:\/\/mlpbnbifhtdl.i.optimole.com\/cb:Cy3u.b2dd\/w:auto\/h:auto\/q:mauto\/g:sm\/f:best\/https:\/\/dcievent.com\/wp-content\/uploads\/2024\/01\/cropped-cropped-DCI_LogoEvent_CMJN_HD-scaled-1.jpg","width":512,"height":512,"caption":"DCI event"},"image":{"@id":"https:\/\/dcievent.com\/#\/schema\/logo\/image\/"},"sameAs":["http:\/\/www.facebook.com\/dcievent","http:\/\/www.instagram.com\/dcievent"]}]}},"_links":{"self":[{"href":"https:\/\/dcievent.com\/index.php\/wp-json\/wp\/v2\/pages\/19","targetHints":{"allow":["GET"]}}],"collection":[{"href":"https:\/\/dcievent.com\/index.php\/wp-json\/wp\/v2\/pages"}],"about":[{"href":"https:\/\/dcievent.com\/index.php\/wp-json\/wp\/v2\/types\/page"}],"author":[{"embeddable":true,"href":"https:\/\/dcievent.com\/index.php\/wp-json\/wp\/v2\/users\/1"}],"replies":[{"embeddable":true,"href":"https:\/\/dcievent.com\/index.php\/wp-json\/wp\/v2\/comments?post=19"}],"version-history":[{"count":76,"href":"https:\/\/dcievent.com\/index.php\/wp-json\/wp\/v2\/pages\/19\/revisions"}],"predecessor-version":[{"id":2907,"href":"https:\/\/dcievent.com\/index.php\/wp-json\/wp\/v2\/pages\/19\/revisions\/2907"}],"wp:featuredmedia":[{"embeddable":true,"href":"https:\/\/dcievent.com\/index.php\/wp-json\/wp\/v2\/media\/44"}],"wp:attachment":[{"href":"https:\/\/dcievent.com\/index.php\/wp-json\/wp\/v2\/media?parent=19"}],"curies":[{"name":"wp","href":"https:\/\/api.w.org\/{rel}","templated":true}]}}